{"id":100,"date":"2018-06-21T11:35:03","date_gmt":"2018-06-21T09:35:03","guid":{"rendered":"http:\/\/facade-des-collines.fr\/?page_id=100"},"modified":"2024-01-15T15:03:11","modified_gmt":"2024-01-15T14:03:11","slug":"qualification-rge","status":"publish","type":"page","link":"https:\/\/facade-des-collines.fr\/index.php\/qualification-rge\/","title":{"rendered":"Qualification RGE"},"content":{"rendered":"\t\t<div data-elementor-type=\"wp-post\" data-elementor-id=\"100\" class=\"elementor elementor-100\">\n\t\t\t\t\t\t\t\t\t<section class=\"elementor-section elementor-top-section elementor-element elementor-element-7124f6c elementor-section-boxed elementor-section-height-default elementor-section-height-default\" data-id=\"7124f6c\" data-element_type=\"section\">\n\t\t\t\t\t\t<div class=\"elementor-container elementor-column-gap-default\">\n\t\t\t\t\t<div class=\"elementor-column elementor-col-100 elementor-top-column elementor-element elementor-element-9bf6987\" data-id=\"9bf6987\" data-element_type=\"column\">\n\t\t\t<div class=\"elementor-widget-wrap elementor-element-populated\">\n\t\t\t\t\t\t\t\t<div class=\"elementor-element elementor-element-100389e elementor-widget elementor-widget-heading\" data-id=\"100389e\" data-element_type=\"widget\" data-widget_type=\"heading.default\">\n\t\t\t\t<div class=\"elementor-widget-container\">\n\t\t\t<h2 class=\"elementor-heading-title elementor-size-default\">Certificat de qualification QUALIBAT<\/h2>\t\t<\/div>\n\t\t\t\t<\/div>\n\t\t\t\t<div class=\"elementor-element elementor-element-7abf371 elementor-widget elementor-widget-text-editor\" data-id=\"7abf371\" data-element_type=\"widget\" data-widget_type=\"text-editor.default\">\n\t\t\t\t<div class=\"elementor-widget-container\">\n\t\t\t\t\t\t\t<p style=\"font-family: 'Open Sans', sans-serif; margin: 1em auto; font-size: 18px; color: #646274; text-align: justify;\">Vous d\u00e9marrez un projet de travaux ? Pour faire des \u00e9conomies d\u2019\u00e9nergies ? Choisissez le meilleur partenaire pour vos travaux : les entreprises et artisans qualifi\u00e9s QUALIBAT et\/ou QUALIBAT RGE.<\/p><p style=\"font-family: 'Open Sans', sans-serif; margin: 1em auto; font-size: 18px; color: #646274; text-align: justify;\"><strong>Ces entreprises sont qualifi\u00e9es sur la preuve de leur comp\u00e9tence et de la fiabilit\u00e9 de leurs travaux.<\/strong>\u00a0Leur comp\u00e9tence vous apporte l\u2019assurance d\u2019une r\u00e9ponse adapt\u00e9e aux caract\u00e9ristiques techniques de votre projet. Leur fiabilit\u00e9 est pour vous une s\u00e9curit\u00e9 au regard de l\u2019ensemble des obligations administratives, juridiques, d\u2019assurance, mais aussi de service (conseil, tenue des d\u00e9lais\u2026) que comportent vos travaux.<\/p><p style=\"font-family: 'Open Sans', sans-serif; margin: 1em auto; font-size: 18px; color: #646274; text-align: justify;\"><strong>Vous vous lancez dans un projet de construction ou de r\u00e9novation ? Votre investissement est important ? C\u2019est l\u2019un des grands projets de votre vie ? Sa r\u00e9ussite d\u00e9pend pour beaucoup de vos partenaires travaux !<\/strong>\u00a0Pour vous assurer de leur fiabilit\u00e9, qu\u2019ils soient artisans ou entreprises, choisissez des professionnels reconnus. Choisissez des professionnels QUALIBAT.<\/p><p style=\"font-family: 'Open Sans', sans-serif; margin: 1em auto; font-size: 18px; color: #646274; text-align: justify;\">Les entreprises qualifi\u00e9es et certifi\u00e9es QUALIBAT ont d\u00e9montr\u00e9 leur solidit\u00e9 sur le plan administratif, juridique et financier.\u00a0<strong>Elles sont \u00e0 jour de leurs obligations sociales et fiscales ; elles sont assur\u00e9es pour leurs activit\u00e9s et saines financi\u00e8rement.<\/strong>\u00a0De plus, elles disposent de la main d\u2019\u0153uvre et des mat\u00e9riels n\u00e9cessaires \u00e0 leur sp\u00e9cialit\u00e9.<\/p><p style=\"font-family: 'Open Sans', sans-serif; margin: 1em auto; font-size: 18px; color: #646274; text-align: justify;\"><strong>Elles ont fourni la preuve de leur savoir-faire par des r\u00e9f\u00e9rences de chantiers \u00e9valu\u00e9es par des experts ind\u00e9pendants.<\/strong>\u00a0Leurs clients ont attest\u00e9 par \u00e9crit de la qualit\u00e9 de leur travail.<\/p><p style=\"font-family: 'Open Sans', sans-serif; margin: 1em auto; font-size: 18px; color: #646274; text-align: justify;\"><strong>Les entreprises et artisans QUALIBAT s\u2019engagent \u00e0 mener leurs interventions dans le strict respect des r\u00e8gles techniques en vigueur<\/strong>(normes, Documents Techniques Unifi\u00e9s, R\u00e8gles professionnelles et R\u00e8gles de l\u2019Art, etc.) Ils assument leurs responsabilit\u00e9s dans le choix des mat\u00e9riaux et des \u00e9quipements qu\u2019ils mettent en oeuvre. Ils respectent les obligations en mati\u00e8re de s\u00e9curit\u00e9, d\u2019hygi\u00e8ne ou de protection de la sant\u00e9.<\/p><p style=\"font-family: 'Open Sans', sans-serif; margin: 1em auto; font-size: 18px; color: #646274; text-align: justify;\">\u00a0<\/p>\t\t\t\t\t\t<\/div>\n\t\t\t\t<\/div>\n\t\t\t\t\t<\/div>\n\t\t<\/div>\n\t\t\t\t\t\t\t<\/div>\n\t\t<\/section>\n\t\t\t\t<section class=\"elementor-section elementor-top-section elementor-element elementor-element-22a009a elementor-section-boxed elementor-section-height-default elementor-section-height-default\" data-id=\"22a009a\" data-element_type=\"section\">\n\t\t\t\t\t\t<div class=\"elementor-container elementor-column-gap-default\">\n\t\t\t\t\t<div class=\"elementor-column elementor-col-33 elementor-top-column elementor-element elementor-element-052dae7\" data-id=\"052dae7\" data-element_type=\"column\">\n\t\t\t<div class=\"elementor-widget-wrap elementor-element-populated\">\n\t\t\t\t\t\t\t\t<div class=\"elementor-element elementor-element-559c148 elementor-widget elementor-widget-image\" data-id=\"559c148\" data-element_type=\"widget\" data-widget_type=\"image.default\">\n\t\t\t\t<div class=\"elementor-widget-container\">\n\t\t\t\t\t\t\t\t\t\t\t\t\t\t\t\t<a href=\"http:\/\/facade-des-collines.fr\/wp-content\/uploads\/2024\/01\/QUALIBAT-2024.png\" data-elementor-open-lightbox=\"yes\" data-elementor-lightbox-title=\"QUALIBAT\" data-e-action-hash=\"#elementor-action%3Aaction%3Dlightbox%26settings%3DeyJpZCI6NTQ3LCJ1cmwiOiJodHRwczpcL1wvZmFjYWRlLWRlcy1jb2xsaW5lcy5mclwvd3AtY29udGVudFwvdXBsb2Fkc1wvMjAyNFwvMDFcL1FVQUxJQkFULTIwMjQucG5nIn0%3D\">\n\t\t\t\t\t\t\t<img fetchpriority=\"high\" decoding=\"async\" width=\"210\" height=\"300\" src=\"https:\/\/facade-des-collines.fr\/wp-content\/uploads\/2024\/01\/QUALIBAT-2024-210x300.png\" class=\"elementor-animation-grow attachment-medium size-medium wp-image-547\" alt=\"qualibat\" srcset=\"https:\/\/facade-des-collines.fr\/wp-content\/uploads\/2024\/01\/QUALIBAT-2024-210x300.png 210w, https:\/\/facade-des-collines.fr\/wp-content\/uploads\/2024\/01\/QUALIBAT-2024-718x1024.png 718w, https:\/\/facade-des-collines.fr\/wp-content\/uploads\/2024\/01\/QUALIBAT-2024-768x1095.png 768w, https:\/\/facade-des-collines.fr\/wp-content\/uploads\/2024\/01\/QUALIBAT-2024-1077x1536.png 1077w, https:\/\/facade-des-collines.fr\/wp-content\/uploads\/2024\/01\/QUALIBAT-2024-1436x2048.png 1436w, https:\/\/facade-des-collines.fr\/wp-content\/uploads\/2024\/01\/QUALIBAT-2024-1200x1711.png 1200w\" sizes=\"(max-width: 210px) 85vw, 210px\" \/>\t\t\t\t\t\t\t\t<\/a>\n\t\t\t\t\t\t\t\t\t\t\t\t\t\t\t<\/div>\n\t\t\t\t<\/div>\n\t\t\t\t\t<\/div>\n\t\t<\/div>\n\t\t\t\t<div class=\"elementor-column elementor-col-66 elementor-top-column elementor-element elementor-element-0b19a18\" data-id=\"0b19a18\" data-element_type=\"column\">\n\t\t\t<div class=\"elementor-widget-wrap elementor-element-populated\">\n\t\t\t\t\t\t\t\t<div class=\"elementor-element elementor-element-de7c42a elementor-widget elementor-widget-text-editor\" data-id=\"de7c42a\" data-element_type=\"widget\" data-widget_type=\"text-editor.default\">\n\t\t\t\t<div class=\"elementor-widget-container\">\n\t\t\t\t\t\t\t<p style=\"margin: 1em auto; font-family: 'Open Sans', sans-serif; font-size: 18px; color: #646274; text-align: justify;\"><span style=\"color: #686868;\"><span style=\"background-color: #ffffff; outline-color: initial; outline-style: initial;\"><a href=\"http:\/\/facade-des-collines.fr\/wp-content\/uploads\/2021\/01\/D26-Certificat-163709-FACADES-DES-COL-E163709-2-20200810-2020.pdf\">Certificat de qualification QUALIBAT de Fa\u00e7ade des Collines<\/a><\/span><\/span><\/p><ul><li>Enduit<\/li><li>Isolation thermique par l\u2019exterieur<\/li><\/ul>\t\t\t\t\t\t<\/div>\n\t\t\t\t<\/div>\n\t\t\t\t\t<\/div>\n\t\t<\/div>\n\t\t\t\t\t\t\t<\/div>\n\t\t<\/section>\n\t\t\t\t<section class=\"elementor-section elementor-top-section elementor-element elementor-element-e176f4d elementor-section-boxed elementor-section-height-default elementor-section-height-default\" data-id=\"e176f4d\" data-element_type=\"section\">\n\t\t\t\t\t\t<div class=\"elementor-container elementor-column-gap-default\">\n\t\t\t\t\t<div class=\"elementor-column elementor-col-100 elementor-top-column elementor-element elementor-element-0fe2b2d\" data-id=\"0fe2b2d\" data-element_type=\"column\">\n\t\t\t<div class=\"elementor-widget-wrap elementor-element-populated\">\n\t\t\t\t\t\t\t\t<div class=\"elementor-element elementor-element-6acb6a1 elementor-widget elementor-widget-spacer\" data-id=\"6acb6a1\" data-element_type=\"widget\" data-widget_type=\"spacer.default\">\n\t\t\t\t<div class=\"elementor-widget-container\">\n\t\t\t\t\t<div class=\"elementor-spacer\">\n\t\t\t<div class=\"elementor-spacer-inner\"><\/div>\n\t\t<\/div>\n\t\t\t\t<\/div>\n\t\t\t\t<\/div>\n\t\t\t\t<div class=\"elementor-element elementor-element-490c658 elementor-widget elementor-widget-heading\" data-id=\"490c658\" data-element_type=\"widget\" data-widget_type=\"heading.default\">\n\t\t\t\t<div class=\"elementor-widget-container\">\n\t\t\t<h2 class=\"elementor-heading-title elementor-size-default\">Certificat de qualification QUALIBAT \"RGE\"<\/h2>\t\t<\/div>\n\t\t\t\t<\/div>\n\t\t\t\t<div class=\"elementor-element elementor-element-26753c5 elementor-widget elementor-widget-text-editor\" data-id=\"26753c5\" data-element_type=\"widget\" data-widget_type=\"text-editor.default\">\n\t\t\t\t<div class=\"elementor-widget-container\">\n\t\t\t\t\t\t\t<p style=\"font-family: 'Open Sans', sans-serif; margin: 1em auto; font-size: 18px; color: #646274; text-align: justify;\">Les entreprises RGE ont \u00e9t\u00e9 particuli\u00e8rement \u00e9valu\u00e9es et s\u00e9lectionn\u00e9es pour\u00a0<strong>leurs comp\u00e9tences dans les travaux favorisant les \u00e9conomies d\u2019\u00e9nergies<\/strong>.<\/p><p style=\"font-family: 'Open Sans', sans-serif; margin: 1em auto; font-size: 18px; color: #646274; text-align: justify;\">Vous souhaitez am\u00e9liorer le confort et la qualit\u00e9 de votre logement tout en r\u00e9duisant votre d\u00e9pense \u00e9nerg\u00e9tique ? Participer \u00e0 la lutte contre le r\u00e9chauffement climatique, l\u2019\u00e9mission de gaz \u00e0 effet de serre et l\u2019\u00e9puisement des ressources naturelles ? B\u00e9n\u00e9ficier des\u00a0<strong><a style=\"color: #64ad31;\" href=\"http:\/\/renovation-info-service.gouv.fr\/\">aides de l\u2019Etat<\/a><\/strong>\u00a0pour mener \u00e0 bien votre\u00a0projet ? Les entreprises QUALIBAT RGE seront vos meilleurs partenaires !<\/p><p style=\"font-family: 'Open Sans', sans-serif; margin: 1em auto; font-size: 18px; color: #646274; text-align: justify;\"><strong>Pour b\u00e9n\u00e9ficier de l\u2019\u00e9co-conditionnalit\u00e9, du Cr\u00e9dit d\u2019Imp\u00f4t Transition Energ\u00e9tique (CITE), du Pr\u00eat \u00e0 Taux Z\u00e9ro (EcoPTZ), des Certificats d\u2019Economie d\u2019Energie (CEE), et globalement de l\u2019ensemble des subventions publiques, vous devez imp\u00e9rativement recourir \u00e0 des entreprises RGE.<\/strong><\/p><p style=\"font-family: 'Open Sans', sans-serif; margin: 1em auto; font-size: 18px; color: #646274; text-align: justify;\">Les entreprises QUALIBAT RGE sont des entreprises qualifi\u00e9es qui ont fait la preuve de leur efficacit\u00e9 dans le domaine de l\u2019am\u00e9lioration \u00e9nerg\u00e9tique. Elles ont re\u00e7u la mention RGE en plus de leur qualification, compl\u00e9t\u00e9e d\u2019un contr\u00f4le sur chantier r\u00e9alis\u00e9 par un auditeur ext\u00e9rieur ind\u00e9pendant.<\/p><p style=\"font-family: 'Open Sans', sans-serif; margin: 1em auto; font-size: 18px; color: #646274; text-align: justify;\">Les entreprises QUALIBAT RGE sont aptes \u00e0 vous conseiller et \u00e0 effectuer l\u2019ensemble de vos travaux d\u2019isolation, de chauffage, de menuiseries ext\u00e9rieures\u2026<\/p>\t\t\t\t\t\t<\/div>\n\t\t\t\t<\/div>\n\t\t\t\t\t<\/div>\n\t\t<\/div>\n\t\t\t\t\t\t\t<\/div>\n\t\t<\/section>\n\t\t\t\t<section class=\"elementor-section elementor-top-section elementor-element elementor-element-e98e20c elementor-section-boxed elementor-section-height-default elementor-section-height-default\" data-id=\"e98e20c\" data-element_type=\"section\">\n\t\t\t\t\t\t<div class=\"elementor-container elementor-column-gap-default\">\n\t\t\t\t\t<div class=\"elementor-column elementor-col-33 elementor-top-column elementor-element elementor-element-0660a06\" data-id=\"0660a06\" data-element_type=\"column\">\n\t\t\t<div class=\"elementor-widget-wrap elementor-element-populated\">\n\t\t\t\t\t\t\t\t<div class=\"elementor-element elementor-element-87a4277 elementor-widget elementor-widget-image\" data-id=\"87a4277\" data-element_type=\"widget\" data-widget_type=\"image.default\">\n\t\t\t\t<div class=\"elementor-widget-container\">\n\t\t\t\t\t\t\t\t\t\t\t\t\t\t\t\t<a href=\"http:\/\/facade-des-collines.fr\/wp-content\/uploads\/2024\/01\/RGE-2024.png\" data-elementor-open-lightbox=\"yes\" data-elementor-lightbox-title=\"RGE\" data-e-action-hash=\"#elementor-action%3Aaction%3Dlightbox%26settings%3DeyJpZCI6NTUxLCJ1cmwiOiJodHRwczpcL1wvZmFjYWRlLWRlcy1jb2xsaW5lcy5mclwvd3AtY29udGVudFwvdXBsb2Fkc1wvMjAyNFwvMDFcL1JHRS0yMDI0LnBuZyJ9\">\n\t\t\t\t\t\t\t<img decoding=\"async\" width=\"210\" height=\"300\" src=\"https:\/\/facade-des-collines.fr\/wp-content\/uploads\/2024\/01\/RGE-2024-210x300.png\" class=\"elementor-animation-grow attachment-medium size-medium wp-image-551\" alt=\"RGE\" srcset=\"https:\/\/facade-des-collines.fr\/wp-content\/uploads\/2024\/01\/RGE-2024-210x300.png 210w, https:\/\/facade-des-collines.fr\/wp-content\/uploads\/2024\/01\/RGE-2024-718x1024.png 718w, https:\/\/facade-des-collines.fr\/wp-content\/uploads\/2024\/01\/RGE-2024-768x1095.png 768w, https:\/\/facade-des-collines.fr\/wp-content\/uploads\/2024\/01\/RGE-2024-1077x1536.png 1077w, https:\/\/facade-des-collines.fr\/wp-content\/uploads\/2024\/01\/RGE-2024-1436x2048.png 1436w, https:\/\/facade-des-collines.fr\/wp-content\/uploads\/2024\/01\/RGE-2024-1200x1711.png 1200w\" sizes=\"(max-width: 210px) 85vw, 210px\" \/>\t\t\t\t\t\t\t\t<\/a>\n\t\t\t\t\t\t\t\t\t\t\t\t\t\t\t<\/div>\n\t\t\t\t<\/div>\n\t\t\t\t\t<\/div>\n\t\t<\/div>\n\t\t\t\t<div class=\"elementor-column elementor-col-66 elementor-top-column elementor-element elementor-element-5ce4b1d\" data-id=\"5ce4b1d\" data-element_type=\"column\">\n\t\t\t<div class=\"elementor-widget-wrap elementor-element-populated\">\n\t\t\t\t\t\t\t\t<div class=\"elementor-element elementor-element-549838d elementor-widget elementor-widget-text-editor\" data-id=\"549838d\" data-element_type=\"widget\" data-widget_type=\"text-editor.default\">\n\t\t\t\t<div class=\"elementor-widget-container\">\n\t\t\t\t\t\t\t<p style=\"margin: 1em auto; font-family: 'Open Sans', sans-serif; font-size: 18px; color: #646274; text-align: justify;\"><span style=\"color: #686868;\"><span style=\"outline-color: initial; outline-style: initial;\"><span style=\"outline-color: initial; outline-style: initial;\"><a href=\"http:\/\/facade-des-collines.fr\/wp-content\/uploads\/2018\/06\/Certificat-RGE.pdf\">Certificat de qualification \u00ab\u00a0RGE\u00a0\u00bb de Fa\u00e7ade des Collines<\/a><\/span><\/span><\/span><\/p><ul><li>\u00a0Enduits Mention RGE<\/li><li>\u00a0Isolation thermique par l&rsquo;ext\u00e9rieur<span style=\"color: #686868;\">\u00a0Mention RGE<\/span><\/li><\/ul>\t\t\t\t\t\t<\/div>\n\t\t\t\t<\/div>\n\t\t\t\t\t<\/div>\n\t\t<\/div>\n\t\t\t\t\t\t\t<\/div>\n\t\t<\/section>\n\t\t\t\t\t\t\t<\/div>\n\t\t","protected":false},"excerpt":{"rendered":"<p>Certificat de qualification QUALIBAT Vous d\u00e9marrez un projet de travaux ? Pour faire des \u00e9conomies d\u2019\u00e9nergies ? Choisissez le meilleur partenaire pour vos travaux : les entreprises et artisans qualifi\u00e9s QUALIBAT et\/ou QUALIBAT RGE. Ces entreprises sont qualifi\u00e9es sur la preuve de leur comp\u00e9tence et de la fiabilit\u00e9 de leurs travaux.\u00a0Leur comp\u00e9tence vous apporte l\u2019assurance &hellip; <a href=\"https:\/\/facade-des-collines.fr\/index.php\/qualification-rge\/\" class=\"more-link\">Continuer la lecture<span class=\"screen-reader-text\"> de &laquo;&nbsp;Qualification RGE&nbsp;&raquo;<\/span><\/a><\/p>\n","protected":false},"author":1,"featured_media":0,"parent":0,"menu_order":0,"comment_status":"closed","ping_status":"closed","template":"","meta":{"footnotes":""},"yoast_head":"<!-- This site is optimized with the Yoast SEO plugin v24.5 - https:\/\/yoast.com\/wordpress\/plugins\/seo\/ -->\n<title>Fa\u00e7ade des collines - Qualifi\u00e9 RGE<\/title>\n<meta name=\"description\" content=\"Ravalement de fa\u00e7ade \u2013 Isolation par l&#039;ext\u00e9rieur \u2013 Peinture ext\u00e9rieure sur Romans sur Is\u00e8re\" \/>\n<meta name=\"robots\" content=\"index, follow, max-snippet:-1, max-image-preview:large, max-video-preview:-1\" \/>\n<link rel=\"canonical\" href=\"https:\/\/facade-des-collines.fr\/index.php\/qualification-rge\/\" \/>\n<meta property=\"og:locale\" content=\"fr_FR\" \/>\n<meta property=\"og:type\" content=\"article\" \/>\n<meta property=\"og:title\" content=\"Fa\u00e7ade des collines - Qualifi\u00e9 RGE\" \/>\n<meta property=\"og:description\" content=\"Ravalement de fa\u00e7ade \u2013 Isolation par l&#039;ext\u00e9rieur \u2013 Peinture ext\u00e9rieure sur Romans sur Is\u00e8re\" \/>\n<meta property=\"og:url\" content=\"https:\/\/facade-des-collines.fr\/index.php\/qualification-rge\/\" \/>\n<meta property=\"article:modified_time\" content=\"2024-01-15T14:03:11+00:00\" \/>\n<meta property=\"og:image\" content=\"http:\/\/facade-des-collines.fr\/wp-content\/uploads\/2024\/01\/QUALIBAT-2024-210x300.png\" \/>\n<meta name=\"twitter:card\" content=\"summary_large_image\" \/>\n<meta name=\"twitter:label1\" content=\"Dur\u00e9e de lecture estim\u00e9e\" \/>\n\t<meta name=\"twitter:data1\" content=\"3 minutes\" \/>\n<script type=\"application\/ld+json\" class=\"yoast-schema-graph\">{\"@context\":\"https:\/\/schema.org\",\"@graph\":[{\"@type\":\"WebPage\",\"@id\":\"https:\/\/facade-des-collines.fr\/index.php\/qualification-rge\/\",\"url\":\"https:\/\/facade-des-collines.fr\/index.php\/qualification-rge\/\",\"name\":\"Fa\u00e7ade des collines - Qualifi\u00e9 RGE\",\"isPartOf\":{\"@id\":\"https:\/\/facade-des-collines.fr\/#website\"},\"primaryImageOfPage\":{\"@id\":\"https:\/\/facade-des-collines.fr\/index.php\/qualification-rge\/#primaryimage\"},\"image\":{\"@id\":\"https:\/\/facade-des-collines.fr\/index.php\/qualification-rge\/#primaryimage\"},\"thumbnailUrl\":\"http:\/\/facade-des-collines.fr\/wp-content\/uploads\/2024\/01\/QUALIBAT-2024-210x300.png\",\"datePublished\":\"2018-06-21T09:35:03+00:00\",\"dateModified\":\"2024-01-15T14:03:11+00:00\",\"description\":\"Ravalement de fa\u00e7ade \u2013 Isolation par l'ext\u00e9rieur \u2013 Peinture ext\u00e9rieure sur Romans sur Is\u00e8re\",\"breadcrumb\":{\"@id\":\"https:\/\/facade-des-collines.fr\/index.php\/qualification-rge\/#breadcrumb\"},\"inLanguage\":\"fr-FR\",\"potentialAction\":[{\"@type\":\"ReadAction\",\"target\":[\"https:\/\/facade-des-collines.fr\/index.php\/qualification-rge\/\"]}]},{\"@type\":\"ImageObject\",\"inLanguage\":\"fr-FR\",\"@id\":\"https:\/\/facade-des-collines.fr\/index.php\/qualification-rge\/#primaryimage\",\"url\":\"http:\/\/facade-des-collines.fr\/wp-content\/uploads\/2024\/01\/QUALIBAT-2024-210x300.png\",\"contentUrl\":\"http:\/\/facade-des-collines.fr\/wp-content\/uploads\/2024\/01\/QUALIBAT-2024-210x300.png\"},{\"@type\":\"BreadcrumbList\",\"@id\":\"https:\/\/facade-des-collines.fr\/index.php\/qualification-rge\/#breadcrumb\",\"itemListElement\":[{\"@type\":\"ListItem\",\"position\":1,\"name\":\"Accueil\",\"item\":\"https:\/\/facade-des-collines.fr\/\"},{\"@type\":\"ListItem\",\"position\":2,\"name\":\"Qualification RGE\"}]},{\"@type\":\"WebSite\",\"@id\":\"https:\/\/facade-des-collines.fr\/#website\",\"url\":\"https:\/\/facade-des-collines.fr\/\",\"name\":\"\",\"description\":\"Ravalement de fa\u00e7ade - Isolation par l&#039;ext\u00e9rieur - Peinture ext\u00e9rieure\",\"potentialAction\":[{\"@type\":\"SearchAction\",\"target\":{\"@type\":\"EntryPoint\",\"urlTemplate\":\"https:\/\/facade-des-collines.fr\/?s={search_term_string}\"},\"query-input\":{\"@type\":\"PropertyValueSpecification\",\"valueRequired\":true,\"valueName\":\"search_term_string\"}}],\"inLanguage\":\"fr-FR\"}]}<\/script>\n<!-- \/ Yoast SEO plugin. -->","yoast_head_json":{"title":"Fa\u00e7ade des collines - Qualifi\u00e9 RGE","description":"Ravalement de fa\u00e7ade \u2013 Isolation par l'ext\u00e9rieur \u2013 Peinture ext\u00e9rieure sur Romans sur Is\u00e8re","robots":{"index":"index","follow":"follow","max-snippet":"max-snippet:-1","max-image-preview":"max-image-preview:large","max-video-preview":"max-video-preview:-1"},"canonical":"https:\/\/facade-des-collines.fr\/index.php\/qualification-rge\/","og_locale":"fr_FR","og_type":"article","og_title":"Fa\u00e7ade des collines - Qualifi\u00e9 RGE","og_description":"Ravalement de fa\u00e7ade \u2013 Isolation par l'ext\u00e9rieur \u2013 Peinture ext\u00e9rieure sur Romans sur Is\u00e8re","og_url":"https:\/\/facade-des-collines.fr\/index.php\/qualification-rge\/","article_modified_time":"2024-01-15T14:03:11+00:00","og_image":[{"url":"http:\/\/facade-des-collines.fr\/wp-content\/uploads\/2024\/01\/QUALIBAT-2024-210x300.png","type":"","width":"","height":""}],"twitter_card":"summary_large_image","twitter_misc":{"Dur\u00e9e de lecture estim\u00e9e":"3 minutes"},"schema":{"@context":"https:\/\/schema.org","@graph":[{"@type":"WebPage","@id":"https:\/\/facade-des-collines.fr\/index.php\/qualification-rge\/","url":"https:\/\/facade-des-collines.fr\/index.php\/qualification-rge\/","name":"Fa\u00e7ade des collines - Qualifi\u00e9 RGE","isPartOf":{"@id":"https:\/\/facade-des-collines.fr\/#website"},"primaryImageOfPage":{"@id":"https:\/\/facade-des-collines.fr\/index.php\/qualification-rge\/#primaryimage"},"image":{"@id":"https:\/\/facade-des-collines.fr\/index.php\/qualification-rge\/#primaryimage"},"thumbnailUrl":"http:\/\/facade-des-collines.fr\/wp-content\/uploads\/2024\/01\/QUALIBAT-2024-210x300.png","datePublished":"2018-06-21T09:35:03+00:00","dateModified":"2024-01-15T14:03:11+00:00","description":"Ravalement de fa\u00e7ade \u2013 Isolation par l'ext\u00e9rieur \u2013 Peinture ext\u00e9rieure sur Romans sur Is\u00e8re","breadcrumb":{"@id":"https:\/\/facade-des-collines.fr\/index.php\/qualification-rge\/#breadcrumb"},"inLanguage":"fr-FR","potentialAction":[{"@type":"ReadAction","target":["https:\/\/facade-des-collines.fr\/index.php\/qualification-rge\/"]}]},{"@type":"ImageObject","inLanguage":"fr-FR","@id":"https:\/\/facade-des-collines.fr\/index.php\/qualification-rge\/#primaryimage","url":"http:\/\/facade-des-collines.fr\/wp-content\/uploads\/2024\/01\/QUALIBAT-2024-210x300.png","contentUrl":"http:\/\/facade-des-collines.fr\/wp-content\/uploads\/2024\/01\/QUALIBAT-2024-210x300.png"},{"@type":"BreadcrumbList","@id":"https:\/\/facade-des-collines.fr\/index.php\/qualification-rge\/#breadcrumb","itemListElement":[{"@type":"ListItem","position":1,"name":"Accueil","item":"https:\/\/facade-des-collines.fr\/"},{"@type":"ListItem","position":2,"name":"Qualification RGE"}]},{"@type":"WebSite","@id":"https:\/\/facade-des-collines.fr\/#website","url":"https:\/\/facade-des-collines.fr\/","name":"","description":"Ravalement de fa\u00e7ade - Isolation par l&#039;ext\u00e9rieur - Peinture ext\u00e9rieure","potentialAction":[{"@type":"SearchAction","target":{"@type":"EntryPoint","urlTemplate":"https:\/\/facade-des-collines.fr\/?s={search_term_string}"},"query-input":{"@type":"PropertyValueSpecification","valueRequired":true,"valueName":"search_term_string"}}],"inLanguage":"fr-FR"}]}},"_links":{"self":[{"href":"https:\/\/facade-des-collines.fr\/index.php\/wp-json\/wp\/v2\/pages\/100"}],"collection":[{"href":"https:\/\/facade-des-collines.fr\/index.php\/wp-json\/wp\/v2\/pages"}],"about":[{"href":"https:\/\/facade-des-collines.fr\/index.php\/wp-json\/wp\/v2\/types\/page"}],"author":[{"embeddable":true,"href":"https:\/\/facade-des-collines.fr\/index.php\/wp-json\/wp\/v2\/users\/1"}],"replies":[{"embeddable":true,"href":"https:\/\/facade-des-collines.fr\/index.php\/wp-json\/wp\/v2\/comments?post=100"}],"version-history":[{"count":49,"href":"https:\/\/facade-des-collines.fr\/index.php\/wp-json\/wp\/v2\/pages\/100\/revisions"}],"predecessor-version":[{"id":563,"href":"https:\/\/facade-des-collines.fr\/index.php\/wp-json\/wp\/v2\/pages\/100\/revisions\/563"}],"wp:attachment":[{"href":"https:\/\/facade-des-collines.fr\/index.php\/wp-json\/wp\/v2\/media?parent=100"}],"curies":[{"name":"wp","href":"https:\/\/api.w.org\/{rel}","templated":true}]}}